{"id":10945,"date":"2026-03-10T11:22:12","date_gmt":"2026-03-10T11:22:12","guid":{"rendered":"https:\/\/discoverpuerto.es\/lugar\/tetir\/"},"modified":"2026-03-10T11:22:12","modified_gmt":"2026-03-10T11:22:12","slug":"tetir","status":"publish","type":"place","link":"https:\/\/discoverpuerto.es\/fr\/lugar\/tetir\/","title":{"rendered":"Tetir"},"content":{"rendered":"<p><strong>TETIR : HISTOIRE, TRADITION ET M\u00c9MOIRE AU C\u0152UR DE FUERTEVENTURA<\/strong><\/p>\n<p>Tetir, au c\u0153ur de Fuerteventura, est bien plus qu&rsquo;un simple village, c&rsquo;est un t\u00e9moin silencieux de l&rsquo;\u00e9volution de l&rsquo;\u00eele. Son histoire remonte \u00e0 l&rsquo;\u00e9poque des mahos, les premiers colons, dont l&rsquo;h\u00e9ritage se perp\u00e9tue dans le nom m\u00eame de la localit\u00e9, un toponyme aux possibles racines pr\u00e9hispaniques dont la signification exacte est encore \u00e0 l&rsquo;\u00e9tude. Cependant, le noyau urbain que nous connaissons aujourd&rsquo;hui a commenc\u00e9 \u00e0 prendre forme au XVIIIe si\u00e8cle, se d\u00e9veloppant autour de la plaine fertile qui l&rsquo;abrite.  <\/p>\n<p>Depuis des g\u00e9n\u00e9rations, la vie \u00e0 Tetir bat au rythme de l&rsquo;agriculture. La construction astucieuse de <strong>gavias<\/strong>, un syst\u00e8me de r\u00e9cup\u00e9ration des eaux de pluie, a transform\u00e9 le paysage et en a fait un grenier \u00e0 bl\u00e9 pour le centre-nord de l&rsquo;\u00eele. Cette ing\u00e9niosit\u00e9 dans l&rsquo;exploitation d&rsquo;une ressource rare t\u00e9moigne de l&rsquo;adaptation de l&rsquo;homme \u00e0 un environnement aride.  <\/p>\n<p>L&rsquo;importance du village s&rsquo;est tellement accrue qu&rsquo;en <strong>1812<\/strong>, il est devenu une municipalit\u00e9 ind\u00e9pendante, administrant un vaste territoire qui comprenait le petit <strong>Puerto de Cabras<\/strong> (aujourd&rsquo;hui Puerto del Rosario), ainsi que d&rsquo;autres villages tels que <strong>La Matilla, El Time et Guisguey<\/strong>. Cette importance administrative s&rsquo;est accompagn\u00e9e d&rsquo;un r\u00f4le de centre spirituel. <\/p>\n<p>Le c\u0153ur de Tetir est sans aucun doute l&rsquo;<strong>\u00e9glise Santo Domingo de Guzm\u00e1n<\/strong>. Bien qu&rsquo;elle ait commenc\u00e9 \u00e0 \u00eatre construite vers <strong>1750<\/strong> et qu&rsquo;elle soit devenue \u00e9glise paroissiale en <strong>1777<\/strong>, sa construction a dur\u00e9 jusqu&rsquo;\u00e0 la fin du XIXe si\u00e8cle, refl\u00e9tant la croissance lente mais constante de la communaut\u00e9. Son image, avec le <strong>clocher ind\u00e9pendant<\/strong> ajout\u00e9 en <strong>1880<\/strong>, est un embl\u00e8me de la municipalit\u00e9 et est \u00e9galement reconnue comme un <strong>bien d&rsquo;int\u00e9r\u00eat culturel<\/strong>.  <\/p>\n<p>Non loin de l\u00e0, dans la <strong>vall\u00e9e de Sargenta<\/strong>, se trouve le petit <strong>ermitage de San Andr\u00e9s<\/strong>. Ce lieu est l&rsquo;\u00e9picentre de l&rsquo;une des traditions les plus enracin\u00e9es : tous les <strong>30 novembre<\/strong>, les habitants participent \u00e0 un p\u00e8lerinage en l&rsquo;honneur de San Andr\u00e9s, une c\u00e9l\u00e9bration qui m\u00eale foi et rituels ancestraux pour demander la pluie, reliant le pr\u00e9sent aux anciennes rogations des Majoreros. <\/p>\n<p>Le d\u00e9clin administratif de Tetir a commenc\u00e9 avec la mont\u00e9e en puissance de <strong>Puerto Cabras<\/strong>. En <strong>1835<\/strong>, le port a \u00e9t\u00e9 s\u00e9par\u00e9 pour former sa propre municipalit\u00e9, un processus qui a culmin\u00e9 en <strong>1925<\/strong>, lorsque Tetir a perdu son autonomie et a \u00e9t\u00e9 d\u00e9finitivement int\u00e9gr\u00e9 \u00e0 la municipalit\u00e9 de <strong>Puerto del Rosario.<\/strong> Malgr\u00e9 cela, le village a r\u00e9ussi \u00e0 pr\u00e9server son identit\u00e9.  <\/p>\n<p>Aujourd&rsquo;hui, cette identit\u00e9 bat son plein gr\u00e2ce \u00e0 son tissu culturel, emmen\u00e9 par l&rsquo;<strong>Agrupaci\u00f3n Folcl\u00f3rica de Tetir<\/strong>. Fond\u00e9e au d\u00e9but des ann\u00e9es soixante-dix, cette association est devenue le principal bastion des traditions de l&rsquo;\u00eele. Pendant plus de cinq d\u00e9cennies, ils ont recherch\u00e9 et diffus\u00e9 la musique, les danses, les costumes et les coutumes populaires, se produisant dans toutes les \u00eeles et en dehors de l&rsquo;archipel. Ils sont les architectes du prestigieux <strong>Encuentro de Solistas<\/strong> et de la <strong>Romer\u00eda de San Andr\u00e9s<\/strong>, \u00e9v\u00e9nements qui rassemblent la population et attirent les visiteurs.   <\/p>\n<p>Le <strong>Diccionario geogr\u00e1fico-estad\u00edstico de Espa\u00f1a y sus posesiones de Ultramar<\/strong>, de <strong>Pascual Madoz<\/strong>, d\u00e9finit <strong>La Vega de Tetir<\/strong> \u00e0 la fin du XIXe si\u00e8cle comme une commune de l&rsquo;\u00eele de Fuerteventura avec trois vall\u00e9es tr\u00e8s fertiles, form\u00e9es par quatre sierras ou cuchillos, comme les appellent les indig\u00e8nes, raison pour laquelle elle est mal ventil\u00e9e, ce qui rend son climat malsain. Les produits de l&rsquo;agriculture sont le bl\u00e9, l&rsquo;orge, le millet, les pommes de terre, les pois chiches, les l\u00e9gumes secs et les l\u00e9gumes ; on y cultive de tr\u00e8s bons vignobles, des figuiers, des poiriers, des p\u00eachers, des amandiers et des grenadiers, les plus abondants \u00e9tant les figuiers de Barbarie. Les produits naturels sont le ch\u00eane kerm\u00e8s et l&rsquo;herbe des p\u00e2turages, avec laquelle on \u00e9l\u00e8ve et on garde des moutons, des ch\u00e8vres, des chameaux, des bovins, des chevaux et des \u00e2nes.  <\/p>\n<p><strong>L&rsquo;ERMITAGE DE SAN ANDR\u00c9S, PATRIMOINE CULTUREL VIVANT DE TETIR<\/strong><\/p>\n<p>L&rsquo;<strong>ermitage San Andr\u00e9s<\/strong>, situ\u00e9 dans la <strong>vall\u00e9e de Sargenta<\/strong> \u00e0 Tetir, est un symbole de la tradition agricole de Fuerteventura. Son histoire est divis\u00e9e en deux \u00e9tapes : un temple original datant du <strong>XVIIe si\u00e8cle<\/strong> et le b\u00e2timent actuel, offert \u00e0 la fin du XXe si\u00e8cle. <\/p>\n<p><strong>Origine et r\u00e9partition des pr\u00e9cipitations<\/strong><\/p>\n<p>Le premier temple a \u00e9t\u00e9 construit par les colons de Tetir entre <strong>1650 et 1652<\/strong>. Son origine remonte \u00e0 <strong>1609<\/strong>, lorsque le Conseil de l&rsquo;\u00eele nomma <strong>San Andr\u00e9s<\/strong> patron des agriculteurs et d\u00e9fenseur de la pluie, une d\u00e9cision prise par tirage au sort. Cet ermitage original a perdur\u00e9 jusqu&rsquo;au milieu du XVIIIe si\u00e8cle, date \u00e0 laquelle il s&rsquo;est effondr\u00e9.  <\/p>\n<p><strong>Chapelle actuelle<\/strong><\/p>\n<p>Le b\u00e2timent moderne a \u00e9t\u00e9 offert par <strong>Juan Berriel Jord\u00e1n<\/strong> \u00e0 la paroisse de <strong>Santo Domingo de Guzm\u00e1n<\/strong> le <strong>30 novembre 1989<\/strong>, comme le rappelle une plaque appos\u00e9e sur sa fa\u00e7ade.<\/p>\n<p><strong>Traditions et rituels<\/strong><\/p>\n<p>Tous les <strong>30 novembre<\/strong>, des centaines de personnes se rassemblent \u00e0 la <strong>Vega de Tetir<\/strong>. Une procession a lieu au cours de laquelle le saint est pri\u00e9 d&rsquo;interc\u00e9der pour que la pluie tombe sur les champs. Un dicton populaire refl\u00e8te ce besoin :  <\/p>\n<p>\u00ab\u00a0<strong>S&rsquo;il ne pleut pas \u00e0 Santa Catalina (25 novembre) ou \u00e0 San Andr\u00e9s (30 novembre), c&rsquo;est mauvais<\/strong>\u00ab\u00a0.<\/p>\n<p><strong>Rituels historiques<\/strong><\/p>\n<p>Autrefois, en p\u00e9riode de s\u00e9cheresse, les paysans pratiquaient un rituel unique : ils portaient l&rsquo;image du saint et la \u00ab\u00a0jugeaient\u00a0\u00bb, mena\u00e7ant de la jeter (\u00ab\u00a0enriscarlo\u00a0\u00bb) du haut d&rsquo;une montagne si elle n&rsquo;envoyait pas la pluie tant d\u00e9sir\u00e9e.<\/p>\n<p><strong>Patronage de la police locale<\/strong><\/p>\n<p>Depuis <strong>1985<\/strong>, <strong>San Andr\u00e9s<\/strong> est \u00e9galement le saint patron de la <strong>police locale de Fuerteventura<\/strong>. La c\u00e9l\u00e9bration comprend des actes officiels et des hommages aux officiers. <\/p>\n<p><strong>L&rsquo;\u00c9GLISE DE SANTO DOMINGO DE GUZM\u00c1N, UNE \u00c9GLISE PAROISSIALE MUNICIPALE HISTORIQUE<\/strong><\/p>\n<p>L&rsquo;<strong>\u00e9glise Santo Domingo de Guzm\u00e1n<\/strong> est le principal temple catholique de Tetir, dont la construction r\u00e9pond au besoin d&rsquo;un lieu de culte plus grand que le petit ermitage de San Andr\u00e9s. Ses origines remontent \u00e0 <strong>1745<\/strong>, lorsque les habitants ont sign\u00e9 sa dotation, et les travaux ont commenc\u00e9 vers <strong>1750<\/strong> pour s&rsquo;achever \u00e0 la fin du <strong>XIXe si\u00e8cle.<\/strong> <\/p>\n<p>En <strong>1777<\/strong>, le chapitre cath\u00e9dral lui accorde le statut de paroisse, ce qui conduit \u00e0 la fondation de trois confr\u00e9ries : celle du <strong>Saint-Sacrement<\/strong>, celle de l&rsquo;\u00c9glise catholique, celle de l&rsquo;\u00c9glise catholique et celle de l&rsquo;\u00c9glise catholique.  <strong>Confraternit\u00e9 de Notre-Dame du Rosaire <\/strong>  et celui de Las <strong>Benditas \u00c1nimas<\/strong>. Sa juridiction s&rsquo;\u00e9tendait aux domaines de <strong>Guisguey, El Time, La Matilla<\/strong>, et plus tard \u00e0 <strong>La Asomada, Los Estancos et Puerto Cabras<\/strong>. <\/p>\n<p><strong>Description architecturale<\/strong><\/p>\n<p>L&rsquo;\u00e9difice se compose d&rsquo;une nef unique couverte d&rsquo;un toit de tuiles \u00e0 trois pentes et d&rsquo;un ch\u0153ur sur\u00e9lev\u00e9 \u00e0 quatre pentes. Il poss\u00e8de deux entr\u00e9es : un arc en plein cintre dans le mur lat\u00e9ral et une porte principale avec un clocher ajout\u00e9 en <strong>1880<\/strong>. <\/p>\n<p>L&rsquo;int\u00e9rieur est recouvert d&rsquo;une charpente en bois d\u00e9cor\u00e9e de croisillons en laque et abrite le ch\u0153ur au pied et une chaire polychrome avec des motifs eucharistiques. Le retable principal, de style baroque du milieu du XVIIIe si\u00e8cle, pr\u00e9sente des niches s\u00e9par\u00e9es par des stipes et des colonnes solomoniques. <\/p>\n<p><strong>Patrimoine artistique<\/strong><\/p>\n<p>L&rsquo;\u00e9glise conserve une pr\u00e9cieuse collection de sculptures et de peintures des <strong>XVIIIe et XIXe si\u00e8cles :<\/strong><\/p>\n<p>&#8211; <strong>San Juan Bautista<\/strong><br \/>\n&#8211;  <strong>Notre-Dame des Douleurs <\/strong><br \/>\n&#8211; <strong>Saint-Andr\u00e9<\/strong><br \/>\n&#8211; <strong>Saint-Antoine avec l&rsquo;enfant<\/strong><br \/>\n&#8211; <strong>Saint-Joseph avec l&rsquo;enfant<\/strong><br \/>\n&#8211; <strong>L&rsquo;Immacul\u00e9e Conception<\/strong><br \/>\n&#8211; <strong>Christ en croix<\/strong> (XVIIIe si\u00e8cle)<br \/>\n&#8211;  <strong>Notre-Dame du Rosaire <\/strong><br \/>\n&#8211; <strong>Sainte Catherine<\/strong> (habill\u00e9e en dominicaine)<br \/>\n&#8211; <strong>Saint Dominique<\/strong> (portant la maquette de l&rsquo;\u00e9glise)<\/p>\n","protected":false},"excerpt":{"rendered":"<p>TETIR : HISTOIRE, TRADITION ET M\u00c9MOIRE AU C\u0152UR DE FUERTEVENTURA Tetir, au c\u0153ur de Fuerteventura, est bien plus qu&rsquo;un simple village, c&rsquo;est un t\u00e9moin silencieux de l&rsquo;\u00e9volution de l&rsquo;\u00eele. Son histoire remonte \u00e0 l&rsquo;\u00e9poque des mahos, les premiers colons, dont l&rsquo;h\u00e9ritage se perp\u00e9tue dans le nom m\u00eame de la localit\u00e9, un toponyme aux possibles racines [&hellip;]<\/p>\n","protected":false},"author":1,"featured_media":10082,"menu_order":0,"comment_status":"open","ping_status":"closed","template":"","place-type":[308,294,318,321],"place-categories":[310,326,292],"place-amenities":[],"place-city":[],"place-neighborhood":[],"class_list":["post-10945","place","type-place","status-publish","has-post-thumbnail","hentry","place-type-aventure","place-type-culture","place-type-le-temple","place-type-musee","place-categories-culture","place-categories-gastronomie","place-categories-voir-et-faire"],"featured_media_url":"https:\/\/discoverpuerto.es\/wp-content\/uploads\/2026\/01\/IGLESIA-DE-GUZMAN-TETIR-copia.jpg","golo-place_price_short":"","golo-place_price_unit":"m","golo-place_price_range":"0","golo-place_booking_type":"","golo-place_booking":"","golo-place_booking_site":"","golo-place_booking_2":"","golo-place_booking_site_2":"","golo-place_booking_banner":{"id":"0","url":""},"golo-place_booking_banner_url":"","golo-place_booking_form":"9946","golo-booking_form_title":"","golo-booking_form_description":"","golo-booking_form_image":{"id":"0","url":""},"golo-place_phone":"","golo-place_phone2":"","golo-place_email":"","golo-place_website":"","golo-place_identity":"10943","golo-google_review_placeid":"","golo-place_facebook":"","golo-place_instagram":"","golo-place_twitter":"","golo-additional_detail":"1","golo-additional_detail_icon":[""],"golo-additional_detail_name":[""],"golo-additional_detail_url":[""],"golo-opening_monday":"Lunes","golo-opening_monday_time":"","golo-monday_allday":"0","golo-opening_tuesday":"Martes","golo-opening_tuesday_time":"","golo-tuesday_allday":"0","golo-opening_wednesday":"Mi\u00e9rcoles","golo-opening_wednesday_time":"","golo-wednesday_allday":"0","golo-opening_thursday":"Jueves","golo-opening_thursday_time":"","golo-thursday_allday":"0","golo-opening_friday":"Viernes","golo-opening_friday_time":"","golo-friday_allday":"0","golo-opening_saturday":"S\u00e1bado","golo-opening_saturday_time":"","golo-saturday_allday":"0","golo-opening_sunday":"Domingo","golo-opening_sunday_time":"","golo-sunday_allday":"0","golo-yelp_review":"1","golo-yelp_review_title":[""],"golo-yelp_review_type":[""],"golo-place_views_count":"71","golo-menu_enable":"0","golo-menu_types":"1","golo-menu_types_name":[""],"golo-menu_tab":[{"golo-menu_title":"","golo-menu_price":"","golo-menu_description":"","golo-menu_image":{"id":"0","url":""},"golo-menu_item_type":""}],"golo-place_address":"35613 Tetir, Las Palmas, Espa\u00f1a","golo-place_zip":"","golo-place_timezone":"UTC+0","golo-place_location":{"location":"28.531814,-13.9336138","address":"35613 Tetir, Las Palmas, Espa\u00f1a"},"golo-place_featured":"0","golo-place_logged":"0","golo-place_images":["https:\/\/discoverpuerto.es\/wp-content\/uploads\/2026\/01\/Tetir00005.jpg","https:\/\/discoverpuerto.es\/wp-content\/uploads\/2026\/01\/TERRERO-DE-LUCHA-DE-TETIR.png","https:\/\/discoverpuerto.es\/wp-content\/uploads\/2026\/01\/TERRERO-DE-LUCHA-DE-TETIR-2.png","https:\/\/discoverpuerto.es\/wp-content\/uploads\/2026\/01\/MERCADO-DE-TETIR.jpg","https:\/\/discoverpuerto.es\/wp-content\/uploads\/2026\/01\/MERCADO-DE-TETIR-7.jpg","https:\/\/discoverpuerto.es\/wp-content\/uploads\/2026\/01\/MERCADO-DE-TETIR-6.jpg","https:\/\/discoverpuerto.es\/wp-content\/uploads\/2026\/01\/MERCADO-DE-TETIR-2-scaled.jpg","https:\/\/discoverpuerto.es\/wp-content\/uploads\/2026\/01\/IGLESIA-DE-GUZMAN-TETIR-.jpg","https:\/\/discoverpuerto.es\/wp-content\/uploads\/2026\/01\/40-ermita-san-andres-tetir-fuerteventura-01-copia.jpg"],"golo-place_video_url":"","golo-place_video_image":"","golo-faqs_enable":"0","golo-faqs_tab":[{"golo-faqs_title":"","golo-faqs_description":""}],"golo-booking_item_name":"","golo-booking_item_id":"","golo-booking_item_author":"","golo-booking_adults":"","golo-booking_childrens":"","golo-booking_date":"","golo-booking_time":"","golo-place_coupon":"","golo-package_free":"","golo-package_price":"","golo-package_unlimited_time":"","golo-package_time_unit":"","golo-package_period":"","golo-package_unlimited_listing":"","golo-package_number_listings":"","golo-package_number_featured":"","golo-package_order_display":"","golo-package_featured":"","golo-package_visible":"","golo-package_extra_featured":"","golo-email_template_framework_type":"","golo-place_rating":"","golo-review_count":0,"_links":{"self":[{"href":"https:\/\/discoverpuerto.es\/fr\/wp-json\/wp\/v2\/place\/10945","targetHints":{"allow":["GET"]}}],"collection":[{"href":"https:\/\/discoverpuerto.es\/fr\/wp-json\/wp\/v2\/place"}],"about":[{"href":"https:\/\/discoverpuerto.es\/fr\/wp-json\/wp\/v2\/types\/place"}],"author":[{"embeddable":true,"href":"https:\/\/discoverpuerto.es\/fr\/wp-json\/wp\/v2\/users\/1"}],"replies":[{"embeddable":true,"href":"https:\/\/discoverpuerto.es\/fr\/wp-json\/wp\/v2\/comments?post=10945"}],"version-history":[{"count":0,"href":"https:\/\/discoverpuerto.es\/fr\/wp-json\/wp\/v2\/place\/10945\/revisions"}],"wp:featuredmedia":[{"embeddable":true,"href":"https:\/\/discoverpuerto.es\/fr\/wp-json\/wp\/v2\/media\/10082"}],"wp:attachment":[{"href":"https:\/\/discoverpuerto.es\/fr\/wp-json\/wp\/v2\/media?parent=10945"}],"wp:term":[{"taxonomy":"place-type","embeddable":true,"href":"https:\/\/discoverpuerto.es\/fr\/wp-json\/wp\/v2\/place-type?post=10945"},{"taxonomy":"place-categories","embeddable":true,"href":"https:\/\/discoverpuerto.es\/fr\/wp-json\/wp\/v2\/place-categories?post=10945"},{"taxonomy":"place-amenities","embeddable":true,"href":"https:\/\/discoverpuerto.es\/fr\/wp-json\/wp\/v2\/place-amenities?post=10945"},{"taxonomy":"place-city","embeddable":true,"href":"https:\/\/discoverpuerto.es\/fr\/wp-json\/wp\/v2\/place-city?post=10945"},{"taxonomy":"place-neighborhood","embeddable":true,"href":"https:\/\/discoverpuerto.es\/fr\/wp-json\/wp\/v2\/place-neighborhood?post=10945"}],"curies":[{"name":"wp","href":"https:\/\/api.w.org\/{rel}","templated":true}]}}