{"id":10937,"date":"2026-03-10T11:19:43","date_gmt":"2026-03-10T11:19:43","guid":{"rendered":"https:\/\/discoverpuerto.es\/lugar\/tefia\/"},"modified":"2026-03-10T11:19:43","modified_gmt":"2026-03-10T11:19:43","slug":"tefia","status":"publish","type":"place","link":"https:\/\/discoverpuerto.es\/fr\/lugar\/tefia\/","title":{"rendered":"Tef\u00eda"},"content":{"rendered":"<p><strong>TEF\u00cdA : PAYSAGE, HISTOIRE ET MEMOIRE D&rsquo;UN VILLAGE AGRICOLE DE L&rsquo;INTERIEUR DU MAJORERO<\/strong><\/p>\n<p>Tef\u00eda est un village situ\u00e9 \u00e0 l&rsquo;int\u00e9rieur de la municipalit\u00e9 de Puerto del Rosario, dont l&rsquo;existence et le d\u00e9veloppement sont profond\u00e9ment li\u00e9s \u00e0 la tradition agricole et d&rsquo;\u00e9levage qui a fa\u00e7onn\u00e9 la vie \u00e0 Fuerteventura pendant des si\u00e8cles. Son territoire, encadr\u00e9 de plaines, de collines douces et de ravins, rec\u00e8le un patrimoine historique et culturel qui va des traces des anciens mahos aux \u00e9pisodes cruciaux de la m\u00e9moire d\u00e9mocratique espagnole. <\/p>\n<p>Vers le milieu du XIXe si\u00e8cle, la localit\u00e9 est d\u00e9sign\u00e9e comme un pago d\u00e9pendant \u00e0 l&rsquo;\u00e9poque de la municipalit\u00e9 de Casillas del \u00c1ngel et appara\u00eet en 1849 dans le quatorzi\u00e8me volume du <strong>Diccionario geogr\u00e1fico-estad\u00edstico de Espa\u00f1a y sus posesiones de Ultramar<\/strong>, de Pascual Madoz, comme un pago d\u00e9pendant de la mairie et de la paroisse de Casillas del \u00c1ngel : situ\u00e9 dans une plaine au pied des montagnes volcaniques du m\u00eame nom. Sa plaine fertile est abondante les ann\u00e9es pluvieuses et rare les ann\u00e9es s\u00e8ches. Dans ses terres, il y a plusieurs sources, la plupart peu abondantes et saum\u00e2tres, qui ne sont utilis\u00e9es que pour le b\u00e9tail. Il y a \u00e9galement trois ruisseaux d&rsquo;eau sal\u00e9e dans les ravins appel\u00e9s Los Molinos et Haruque, o\u00f9 l&rsquo;on \u00e9l\u00e8ve des anguilles. Ils produisent du bl\u00e9, de l&rsquo;orge, de la barilla, du millet, des grains et il y a quelques tuneras et des arbres de diff\u00e9rentes sortes. On y \u00e9l\u00e8ve des moutons, des ch\u00e8vres et des chameaux. Il y a une chapelle appel\u00e9e <strong>San Agust\u00edn<\/strong>, o\u00f9 la messe est c\u00e9l\u00e9br\u00e9e tous les jours f\u00e9ri\u00e9s aux frais des villageois, qui paient un aum\u00f4nier. Les c\u00f4tes de ce hameau sont propices \u00e0 la p\u00eache et aux fruits de mer pendant la saison estivale.       <\/p>\n<p><strong>LES SOURCES DE TEF\u00cdA : UNE RESSOURCE VITALE DANS UN TERRITOIRE ARIDE<\/strong><\/p>\n<p>L&rsquo;un des \u00e9l\u00e9ments les plus uniques et d\u00e9cisifs pour l&rsquo;occupation historique de Tef\u00eda a \u00e9t\u00e9 la pr\u00e9sence de sources et d&rsquo;affleurements d&rsquo;eau dans les environs, des ressources exceptionnelles sur une \u00eele marqu\u00e9e par l&rsquo;aridit\u00e9 et la raret\u00e9 de l&rsquo;eau. Ces sources, bien que de d\u00e9bit limit\u00e9 et parfois saum\u00e2tres, ont constitu\u00e9 pendant des si\u00e8cles un atout strat\u00e9gique qui a conditionn\u00e9 le peuplement et les activit\u00e9s \u00e9conomiques de la r\u00e9gion. <\/p>\n<p>Des descriptions datant du milieu du XIXe si\u00e8cle notaient d\u00e9j\u00e0 l&rsquo;existence de \u00ab\u00a0plusieurs sources d&rsquo;eau, peu abondantes et saum\u00e2tres, dont le quartier se sert pour son b\u00e9tail\u00a0\u00bb. Cette pr\u00e9sence d&rsquo;eau, aussi modeste soit-elle, a fait de Tef\u00eda un lieu privil\u00e9gi\u00e9 dans le contexte insulaire, permettant l&rsquo;installation stable de la population et le d\u00e9veloppement d&rsquo;une agriculture de subsistance irr\u00e9alisable dans d&rsquo;autres r\u00e9gions. <\/p>\n<p>L&rsquo;importance de ces sources d\u00e9passait le cadre purement \u00e9conomique : dans une soci\u00e9t\u00e9 o\u00f9 l&rsquo;eau \u00e9tait la ressource la plus pr\u00e9cieuse, les endroits o\u00f9 se trouvaient des sources permanentes acqu\u00e9raient une centralit\u00e9 territoriale qui se refl\u00e9tait dans l&rsquo;organisation de l&rsquo;espace, dans les sch\u00e9mas d&rsquo;implantation et dans les relations sociales. Les sources de Tef\u00eda permettaient non seulement l&rsquo;approvisionnement en b\u00e9tail, mais aussi le d\u00e9veloppement de petits jardins potagers et le maintien de la population dans un environnement d\u00e9favorable. <\/p>\n<p>Ce patrimoine hydrique, aujourd&rsquo;hui moins visible en raison de la g\u00e9n\u00e9ralisation de l&rsquo;eau dessal\u00e9e et des nouveaux syst\u00e8mes d&rsquo;approvisionnement, constitue une partie essentielle de l&rsquo;histoire du village et explique en grande partie la continuit\u00e9 de l&rsquo;habitat dans cette enclave de l&rsquo;int\u00e9rieur de Majorque.<\/p>\n<p><strong>CONQU\u00caTE ET TRANSFORMATION DU TERRITOIRE<\/strong><\/p>\n<p>La conqu\u00eate de l&rsquo;\u00eele a commenc\u00e9 en 1402 par <strong>Jean de B\u00e9thencourt<\/strong> et <strong>Gadifer de La Salle<\/strong>, int\u00e9grant Fuerteventura dans la sph\u00e8re de la Couronne de Castille sous un r\u00e9gime f\u00e9odal. Apr\u00e8s l&rsquo;incorporation des familles <strong>Herrera et Ayala<\/strong> dans la seigneurie, une redistribution des terres et la mise en \u0153uvre d&rsquo;un nouveau mod\u00e8le administratif et religieux ont eu lieu. <\/p>\n<p>La logique d&rsquo;utilisation des terres d\u00e9velopp\u00e9e par les Mahos a perdur\u00e9 et s&rsquo;est adapt\u00e9e au nouveau syst\u00e8me f\u00e9odal, donnant naissance \u00e0 de petits \u00e9tablissements ruraux consacr\u00e9s principalement \u00e0 l&rsquo;\u00e9levage de ch\u00e8vres et \u00e0 l&rsquo;agriculture de subsistance. Le village de Tef\u00eda \u00e9tait structur\u00e9 autour de maisons dispers\u00e9es, li\u00e9es \u00e0 de petits domaines agricoles dans lesquels \u00e9taient pratiqu\u00e9es des techniques adapt\u00e9es au climat et au sol de l&rsquo;\u00eele. <\/p>\n<p><strong>\u00c9CONOMIE TRADITIONNELLE : GAVIAS, \u00c9LEVAGE ET ADAPTATION AU CLIMAT<\/strong><\/p>\n<p>Comme d&rsquo;autres villages de l&rsquo;int\u00e9rieur de Fuerteventura, Tef\u00eda a d\u00e9velopp\u00e9 une \u00e9conomie bas\u00e9e sur le bin\u00f4me \u00e9levage-c\u00e9r\u00e9ales. La technique des <strong>gavias<\/strong>, syst\u00e8me hydraulique traditionnel con\u00e7u pour capter et retenir les eaux de ruissellement, a permis la culture du bl\u00e9, de l&rsquo;orge et des l\u00e9gumineuses, principalement dans un environnement o\u00f9 les pr\u00e9cipitations sont faibles et irr\u00e9guli\u00e8res. Cet ing\u00e9nieux syst\u00e8me de terrasses inondables, unique aux Canaries, a transform\u00e9 le paysage et rendu possible une agriculture s\u00e8che adapt\u00e9e \u00e0 l&rsquo;environnement aride.  <\/p>\n<p>La c\u00e9r\u00e9aliculture, la culture de l\u00e9gumineuses et de plantes fourrag\u00e8res ainsi que le pastoralisme ont constitu\u00e9 la base \u00e9conomique de la r\u00e9gion, dont les habitants ont d\u00e9velopp\u00e9 une connaissance approfondie de l&rsquo;environnement aride.<\/p>\n<p>L&rsquo;\u00e9levage de ch\u00e8vres, noyau structurel depuis l&rsquo;\u00e9poque aborig\u00e8ne, est rest\u00e9 la principale activit\u00e9 \u00e9conomique. La production de fromage artisanal, pr\u00e9curseur de l&rsquo;actuel <strong>fromage Majorero \u00e0 appellation d&rsquo;origine<\/strong>, faisait partie d&rsquo;une \u00e9conomie domestique orient\u00e9e \u00e0 la fois vers l&rsquo;autoconsommation et le commerce insulaire. <\/p>\n<p><strong>L&rsquo;ARCHITECTURE TRADITIONNELLE ET LE PATRIMOINE ETHNOGRAPHIQUE<\/strong><\/p>\n<p>L&rsquo;architecture traditionnelle de Tef\u00eda r\u00e9pond \u00e0 la logique fonctionnelle de la vie rurale majorquine : maisons de terre blanchies \u00e0 la chaux, murs de pierres s\u00e8ches, corrales pour le b\u00e9tail, aires de battage et citernes pour le stockage de l&rsquo;eau. Chaque \u00e9l\u00e9ment du paysage b\u00e2ti fait partie d&rsquo;une culture mat\u00e9rielle qui a \u00e9volu\u00e9 au fil des si\u00e8cles, en conservant des techniques h\u00e9rit\u00e9es et des solutions adapt\u00e9es au territoire volcanique et aride. <\/p>\n<p><strong>LE MOULIN DE TEF\u00cdA<\/strong><\/p>\n<p>Parmi les vestiges du pass\u00e9 agricole de Tef\u00eda, on trouve le <strong>Molino de Tef\u00eda<\/strong>, une infrastructure qui symbolise l&rsquo;importance de la transformation des c\u00e9r\u00e9ales pour la production de gofio, un aliment traditionnel de Fuerteventura depuis l&rsquo;\u00e9poque pr\u00e9hispanique. Ce moulin \u00e0 six pales a \u00e9t\u00e9 construit en 1930 pour moudre les c\u00e9r\u00e9ales, en tirant parti de l&rsquo;\u00e9nergie \u00e9olienne dans une r\u00e9gion o\u00f9 cette ressource \u00e9tait abondante et gratuite. <\/p>\n<p>L&#8217;emplacement du moulin n&rsquo;est pas le fruit du hasard : sa construction \u00e0 proximit\u00e9 de Tef\u00eda r\u00e9pondait \u00e0 la n\u00e9cessit\u00e9 de transformer les c\u00e9r\u00e9ales cultiv\u00e9es dans les gavias de la r\u00e9gion, en \u00e9vitant les longs trajets et en facilitant l&rsquo;acc\u00e8s \u00e0 ce service essentiel pour les agriculteurs de la r\u00e9gion. Pendant des d\u00e9cennies, le moulin a \u00e9t\u00e9 le point de rencontre et le centre n\u00e9vralgique de l&rsquo;activit\u00e9 \u00e9conomique locale, o\u00f9 les paysans venaient avec leurs r\u00e9coltes pour obtenir le gofio qui constituait la base de l&rsquo;alimentation traditionnelle. <\/p>\n<p><strong>LA MOLINA DE TEF\u00cdA<\/strong><\/p>\n<p>\u00c0 c\u00f4t\u00e9 du moulin \u00e0 vent se trouve la <strong>Molina de Tef\u00eda<\/strong>, une construction plus moderne qui a permis de concentrer tout le processus de mouture sur un seul \u00e9tage, facilitant ainsi le travail du meunier et am\u00e9liorant le rendement. Cette installation repr\u00e9sente l&rsquo;\u00e9volution technologique de la mouture des c\u00e9r\u00e9ales, s&rsquo;adaptant aux nouveaux besoins sans perdre la fonction essentielle de service \u00e0 la communaut\u00e9 agricole. <\/p>\n<p>Les deux constructions, le moulin et le moulin \u00e0 vent, refl\u00e8tent l&rsquo;importance du gofio comme base alimentaire et l&rsquo;ing\u00e9niosit\u00e9 d&rsquo;une soci\u00e9t\u00e9 adapt\u00e9e \u00e0 un territoire aride et venteux. Ils constituent \u00e9galement un t\u00e9moignage mat\u00e9riel de l&rsquo;\u00e9conomie traditionnelle bas\u00e9e sur le bin\u00f4me b\u00e9tail-c\u00e9r\u00e9ales qui a soutenu la vie dans l&rsquo;int\u00e9rieur de Fuerteventura pendant des si\u00e8cles. <\/p>\n<p><strong>L&rsquo;ERMITAGE DE SAN AGUST\u00cdN<\/strong><\/p>\n<p>L&rsquo;<strong>ermitage de San Agust\u00edn<\/strong>, \u00e9rig\u00e9 dans le pago de Tef\u00eda au d\u00e9but du XVIIIe si\u00e8cle et successivement r\u00e9form\u00e9 jusqu&rsquo;\u00e0 ce qu&rsquo;il acqui\u00e8re son aspect actuel, repr\u00e9sente l&rsquo;un des jalons du patrimoine local. Construit gr\u00e2ce aux efforts des habitants, cet ermitage refl\u00e8te l&rsquo;importance de la religion dans le d\u00e9veloppement des premiers hameaux ruraux. Son architecture, qui conserve des \u00e9l\u00e9ments mud\u00e9jars, en fait l&rsquo;une des plus anciennes \u00e9glises de la commune.  <\/p>\n<p><strong>L&rsquo;ECOMUS\u00c9E DE LA ALCOGIDA<\/strong><\/p>\n<p>L&rsquo;un des \u00e9l\u00e9ments les plus remarquables du patrimoine culturel de Tef\u00eda est l&rsquo;<strong>\u00e9comus\u00e9e de La Alcogida<\/strong>, un complexe ethnographique qui reproduit et pr\u00e9serve la vie rurale traditionnelle de Majorque. Ce mus\u00e9e en plein air est compos\u00e9 d&rsquo;une s\u00e9rie d&rsquo;habitations et de b\u00e2timents agricoles restaur\u00e9s, qui conservent le mobilier traditionnel, les outils, les fours, les ateliers d&rsquo;artisanat et les \u00e9l\u00e9ments de la vie quotidienne dans le pass\u00e9 rural. <\/p>\n<p>L&rsquo;\u00e9comus\u00e9e recr\u00e9e la vie rurale du XIXe si\u00e8cle \u00e0 Majorque \u00e0 travers sept maisons traditionnelles restaur\u00e9es, chacune li\u00e9e \u00e0 d&rsquo;anciennes familles de la r\u00e9gion. Les visiteurs peuvent y observer l&rsquo;artisanat en direct, de la vannerie \u00e0 la menuiserie en passant par le broyage et le travail de l&rsquo;argile, tout en d\u00e9couvrant les m\u00e9tiers traditionnels, le b\u00e9tail et l&rsquo;architecture. <\/p>\n<p>La Alcogida ne pr\u00e9sente pas seulement l&rsquo;architecture des diff\u00e9rentes couches sociales, des modestes fincas aux grandes maisons, mais agit \u00e9galement comme un espace de m\u00e9moire vivant qui illustre la mani\u00e8re dont les habitants de Fuerteventura ont adapt\u00e9 et organis\u00e9 leur vie et leur travail dans un environnement exigeant.<\/p>\n<p><strong>LA COLONIE AGRICOLE P\u00c9NITENTIAIRE DE TEF\u00cdA : M\u00c9MOIRE ET R\u00c9PARATION<\/strong><\/p>\n<p>L&rsquo;histoire de Tef\u00eda comprend l&rsquo;un des chapitres les plus complexes et les plus douloureux de l&rsquo;histoire contemporaine de l&rsquo;\u00eele : la <strong>colonie p\u00e9nitentiaire agricole de Tef\u00eda<\/strong>, active entre 1954 et 1966.<\/p>\n<p><strong>Origine et contexte<\/strong><\/p>\n<p>\u00c9tabli par d\u00e9cret du minist\u00e8re de la justice le <strong>15 janvier 1954<\/strong> sur un terrain jouxtant un a\u00e9rodrome militaire, cet \u00e9tablissement a fonctionn\u00e9 pendant la dictature franquiste comme un centre de d\u00e9tention pour les prisonniers de droit commun, les prisonniers politiques et, de mani\u00e8re particuli\u00e8rement syst\u00e9matique, les homosexuels masculins. La pers\u00e9cution des homosexuels s&rsquo;est intensifi\u00e9e apr\u00e8s le <strong>15 juillet 1954<\/strong>, date \u00e0 laquelle la <strong>loi sur les vagabonds et les m\u00e9cr\u00e9ants<\/strong> a \u00e9t\u00e9 modifi\u00e9e pour inclure les personnes consid\u00e9r\u00e9es comme \u00e9tant dans un \u00ab\u00a0\u00e9tat dangereux\u00a0\u00bb en raison de leur orientation sexuelle. <\/p>\n<p>La colonie p\u00e9nitentiaire agricole de Tef\u00eda est devenue le principal centre de r\u00e9pression de la dissidence sexuelle sous le r\u00e9gime franquiste, les \u00eeles Canaries \u00e9tant l&rsquo;un des points n\u00e9vralgiques du syst\u00e8me judiciaire et p\u00e9nitentiaire r\u00e9pressif qui garantissait l&rsquo;application de la loi.<\/p>\n<p><strong>Conditions de vie<\/strong><\/p>\n<p>Les d\u00e9tenus, au nombre de plus d&rsquo;une centaine, \u00e9taient soumis \u00e0 des travaux forc\u00e9s de l&rsquo;aube au cr\u00e9puscule, avec l&rsquo;obligation de tailler des pierres et de fertiliser des terres infertiles. Ils dormaient dans des salles insalubres et surpeupl\u00e9es, sous la surveillance d&rsquo;agents p\u00e9nitentiaires et de leurs assistants qui les soumettaient r\u00e9guli\u00e8rement \u00e0 des mauvais traitements. L&rsquo;objectif officiel \u00e9tait de transformer cette zone d\u00e9sertique en terre arable gr\u00e2ce au travail forc\u00e9 des prisonniers.  <\/p>\n<p>L&rsquo;internement dure au minimum un an et au maximum trois ans, et se fait souvent en plusieurs \u00e9tapes. Une fois lib\u00e9r\u00e9s de la colonie, les condamn\u00e9s restent soumis \u00e0 des obligations telles que la d\u00e9claration de domicile et l&rsquo;interdiction de r\u00e9sider dans certains lieux. <\/p>\n<p><strong>Cl\u00f4ture et reconnaissance<\/strong><\/p>\n<p>La colonie p\u00e9nitentiaire agricole de Tef\u00eda a \u00e9t\u00e9 supprim\u00e9e par <strong>ordre de justice le 21 juillet 1966<\/strong>. Malgr\u00e9 sa fermeture officielle et les tentatives initiales de dissimuler ou de minimiser les abus, la m\u00e9moire de ce qui s&rsquo;est pass\u00e9 a refait surface au fil des ans, donnant lieu \u00e0 des initiatives de reconnaissance et de r\u00e9paration sociale. <\/p>\n<p>En <strong>juillet 2025<\/strong>, le secr\u00e9taire d&rsquo;\u00c9tat \u00e0 la m\u00e9moire d\u00e9mocratique a publi\u00e9 la r\u00e9solution visant \u00e0 lancer la proc\u00e9dure de d\u00e9claration de l&rsquo;ancienne colonie en tant que <strong>lieu de m\u00e9moire d\u00e9mocratique<\/strong>, reconnaissant son importance historique et symbolique dans la lutte pour les droits et les libert\u00e9s, ainsi que dans la r\u00e9pression subie par les personnes LGTBI pendant la dictature.<\/p>\n<p>Ce camp de travail, d\u00e9crit par certains t\u00e9moignages comme un camp de concentration sans barreaux, a \u00e9t\u00e9 un espace de discipline et de r\u00e9pression de la dissidence sexuelle et sociale sous le r\u00e9gime franquiste. L&rsquo;attention r\u00e9cente des m\u00e9dias, y compris la repr\u00e9sentation de ces \u00e9v\u00e9nements dans des \u0153uvres culturelles contemporaines, a contribu\u00e9 \u00e0 rendre ce chapitre visible et \u00e0 le contextualiser dans la m\u00e9moire collective des \u00eeles Canaries et de l&rsquo;Espagne. <\/p>\n<p><strong>PATRIMOINE CULTUREL IMMAT\u00c9RIEL ET TRADITIONS VIVANTES<\/strong><\/p>\n<p>Au-del\u00e0 des \u00e9l\u00e9ments mat\u00e9riels, Tef\u00eda conserve un riche patrimoine immat\u00e9riel. Les traditions orales, la connaissance du m\u00e9tier de berger, les techniques de fabrication du fromage, le savoir-faire en mati\u00e8re de construction de murs en pierres s\u00e8ches et les recettes de la cuisine traditionnelle Majorero font partie de cet h\u00e9ritage. <\/p>\n<p><strong>JOURS DE VACANCES LOCALES<\/strong><\/p>\n<p>Tout au long de l&rsquo;ann\u00e9e, Tef\u00eda c\u00e9l\u00e8bre plusieurs f\u00eates qui refl\u00e8tent son patrimoine culturel et sa vie communautaire. Les <strong>f\u00eates de San Agust\u00edn et de Santa M\u00f3nica<\/strong>, qui ont lieu respectivement en ao\u00fbt et en mai, comprennent des processions, des \u00e9v\u00e9nements religieux, de la musique et des danses traditionnelles. <\/p>\n<p><strong>OBSERVATOIRE ASTRONOMIQUE<\/strong><\/p>\n<p>Tef\u00eda abrite \u00e9galement l&rsquo;<strong>Observatoire astronomique de Fuerteventura<\/strong>, l&rsquo;un des meilleurs endroits de l&rsquo;\u00eele pour observer les \u00e9toiles gr\u00e2ce \u00e0 la faible pollution lumineuse. De l\u00e0, vous pourrez observer des constellations comme <strong>Orion<\/strong> et des \u00e9toiles comme <strong>Sirius<\/strong> et <strong>Canopus<\/strong>, faisant de cette visite une exp\u00e9rience qui relie la terre et le cosmos. <\/p>\n<p><strong>M\u00c9MORIAL AUX MORTS DU DRAPEAU DES PARACHUTISTES<\/strong><\/p>\n<p>Sur le <strong>Tablero de los Llanos de Muchichafe<\/strong> se dresse un monolithe comm\u00e9morant l&rsquo;accident survenu lors de man\u0153uvres militaires en <strong>1972<\/strong>, au cours duquel <strong>13 parachutistes du drapeau \u00ab\u00a0Roger de Flor\u00a0\u00bb<\/strong> ont trouv\u00e9 la mort. Ce monument introduit une dimension suppl\u00e9mentaire de la m\u00e9moire historique dans le territoire de Tef\u00eda. <\/p>\n<p><strong>CONTINUIT\u00c9 HISTORIQUE ET M\u00c9MOIRE TERRITORIALE<\/strong><\/p>\n<p>La valorisation de ce patrimoine &#8211; mat\u00e9riel et immat\u00e9riel, joyeux et douloureux &#8211; n&rsquo;est pas seulement une question d&rsquo;identit\u00e9, mais aussi une opportunit\u00e9 de construire un avenir qui int\u00e8gre l&rsquo;h\u00e9ritage du pass\u00e9 aux besoins du pr\u00e9sent.<\/p>\n<p>Dans ses maisons blanchies \u00e0 la chaux, dans ses rigoles, dans ses fontaines, dans son mus\u00e9e ethnographique, dans ses moulins, dans la m\u00e9moire des survivants de la colonie p\u00e9nitentiaire et dans l&rsquo;\u00e9nergie de ceux qui s&rsquo;engagent dans de nouvelles formes d&rsquo;agriculture, Tef\u00eda continue d&rsquo;\u00e9crire son histoire, cette longue histoire qui a commenc\u00e9 bien avant que les Europ\u00e9ens ne posent le pied sur l&rsquo;\u00eele et qui, transform\u00e9e mais pas \u00e9teinte, est toujours vivante au c\u0153ur de l&rsquo;arri\u00e8re-pays majorais.<\/p>\n","protected":false},"excerpt":{"rendered":"<p>TEF\u00cdA : PAYSAGE, HISTOIRE ET MEMOIRE D&rsquo;UN VILLAGE AGRICOLE DE L&rsquo;INTERIEUR DU MAJORERO Tef\u00eda est un village situ\u00e9 \u00e0 l&rsquo;int\u00e9rieur de la municipalit\u00e9 de Puerto del Rosario, dont l&rsquo;existence et le d\u00e9veloppement sont profond\u00e9ment li\u00e9s \u00e0 la tradition agricole et d&rsquo;\u00e9levage qui a fa\u00e7onn\u00e9 la vie \u00e0 Fuerteventura pendant des si\u00e8cles. Son territoire, encadr\u00e9 de [&hellip;]<\/p>\n","protected":false},"author":1,"featured_media":10938,"menu_order":0,"comment_status":"open","ping_status":"closed","template":"","place-type":[308,294,349,296,295],"place-categories":[292],"place-amenities":[],"place-city":[369],"place-neighborhood":[],"class_list":["post-10937","place","type-place","status-publish","has-post-thumbnail","hentry","place-type-aventure","place-type-culture","place-type-parc","place-type-point-de-vue","place-type-tourisme-rural","place-categories-voir-et-faire","place-city-tefia"],"featured_media_url":"https:\/\/discoverpuerto.es\/wp-content\/uploads\/2026\/01\/La-Molina-de-Tefia00008.jpg","golo-place_price_short":"","golo-place_price_unit":"m","golo-place_price_range":"0","golo-place_booking_type":"","golo-place_booking":"","golo-place_booking_site":"","golo-place_booking_2":"","golo-place_booking_site_2":"","golo-place_booking_banner":{"id":"0","url":""},"golo-place_booking_banner_url":"","golo-place_booking_form":"9946","golo-booking_form_title":"","golo-booking_form_description":"","golo-booking_form_image":{"id":"0","url":""},"golo-place_phone":"","golo-place_phone2":"","golo-place_email":"","golo-place_website":"","golo-place_identity":"10936","golo-google_review_placeid":"","golo-place_facebook":"","golo-place_instagram":"","golo-place_twitter":"","golo-additional_detail":"1","golo-additional_detail_icon":[""],"golo-additional_detail_name":[""],"golo-additional_detail_url":[""],"golo-opening_monday":"Lunes","golo-opening_monday_time":"","golo-monday_allday":"0","golo-opening_tuesday":"Martes","golo-opening_tuesday_time":"","golo-tuesday_allday":"0","golo-opening_wednesday":"Mi\u00e9rcoles","golo-opening_wednesday_time":"","golo-wednesday_allday":"0","golo-opening_thursday":"Jueves","golo-opening_thursday_time":"","golo-thursday_allday":"0","golo-opening_friday":"Viernes","golo-opening_friday_time":"","golo-friday_allday":"0","golo-opening_saturday":"S\u00e1bado","golo-opening_saturday_time":"","golo-saturday_allday":"0","golo-opening_sunday":"Domingo","golo-opening_sunday_time":"","golo-sunday_allday":"0","golo-yelp_review":"1","golo-yelp_review_title":[""],"golo-yelp_review_type":[""],"golo-place_views_count":"78","golo-menu_enable":"0","golo-menu_types":"1","golo-menu_types_name":[""],"golo-menu_tab":[{"golo-menu_title":"","golo-menu_price":"","golo-menu_description":"","golo-menu_image":{"id":"0","url":""},"golo-menu_item_type":""}],"golo-place_address":"35611 Tef\u00eda, Las Palmas, Espa\u00f1a","golo-place_zip":"","golo-place_timezone":"UTC+0","golo-place_location":{"location":"28.5266269,-13.9901861","address":"35611 Tef\u00eda, Las Palmas, Espa\u00f1a"},"golo-place_featured":"0","golo-place_logged":"0","golo-place_images":["https:\/\/discoverpuerto.es\/wp-content\/uploads\/2026\/01\/MOLINO-DE-TEFIA.png","https:\/\/discoverpuerto.es\/wp-content\/uploads\/2026\/01\/Molino-de-Tefia00004-hd.jpeg","https:\/\/discoverpuerto.es\/wp-content\/uploads\/2026\/01\/MOLINA-TEFIA--scaled.jpg","https:\/\/discoverpuerto.es\/wp-content\/uploads\/2026\/01\/La-Molina-de-Tefia00008.jpg","https:\/\/discoverpuerto.es\/wp-content\/uploads\/2025\/01\/La-Molina-de-Tefia00006-scaled.jpg","https:\/\/discoverpuerto.es\/wp-content\/uploads\/2025\/01\/MIRADOR-ASTRONOMICO-DE-TEFIA-2.jpg","https:\/\/discoverpuerto.es\/wp-content\/uploads\/2025\/01\/ECOMUSEO-LA-ALCOGIDA-TEFIA.jpg","https:\/\/discoverpuerto.es\/wp-content\/uploads\/2025\/01\/MOLINO-DE-TEFIA.jpg"],"golo-place_video_url":"","golo-place_video_image":"","golo-faqs_enable":"0","golo-faqs_tab":[{"golo-faqs_title":"","golo-faqs_description":""}],"golo-booking_item_name":"","golo-booking_item_id":"","golo-booking_item_author":"","golo-booking_adults":"","golo-booking_childrens":"","golo-booking_date":"","golo-booking_time":"","golo-place_coupon":"","golo-package_free":"","golo-package_price":"","golo-package_unlimited_time":"","golo-package_time_unit":"","golo-package_period":"","golo-package_unlimited_listing":"","golo-package_number_listings":"","golo-package_number_featured":"","golo-package_order_display":"","golo-package_featured":"","golo-package_visible":"","golo-package_extra_featured":"","golo-email_template_framework_type":"","golo-place_rating":"","golo-review_count":0,"_links":{"self":[{"href":"https:\/\/discoverpuerto.es\/fr\/wp-json\/wp\/v2\/place\/10937","targetHints":{"allow":["GET"]}}],"collection":[{"href":"https:\/\/discoverpuerto.es\/fr\/wp-json\/wp\/v2\/place"}],"about":[{"href":"https:\/\/discoverpuerto.es\/fr\/wp-json\/wp\/v2\/types\/place"}],"author":[{"embeddable":true,"href":"https:\/\/discoverpuerto.es\/fr\/wp-json\/wp\/v2\/users\/1"}],"replies":[{"embeddable":true,"href":"https:\/\/discoverpuerto.es\/fr\/wp-json\/wp\/v2\/comments?post=10937"}],"version-history":[{"count":0,"href":"https:\/\/discoverpuerto.es\/fr\/wp-json\/wp\/v2\/place\/10937\/revisions"}],"wp:featuredmedia":[{"embeddable":true,"href":"https:\/\/discoverpuerto.es\/fr\/wp-json\/wp\/v2\/media\/10938"}],"wp:attachment":[{"href":"https:\/\/discoverpuerto.es\/fr\/wp-json\/wp\/v2\/media?parent=10937"}],"wp:term":[{"taxonomy":"place-type","embeddable":true,"href":"https:\/\/discoverpuerto.es\/fr\/wp-json\/wp\/v2\/place-type?post=10937"},{"taxonomy":"place-categories","embeddable":true,"href":"https:\/\/discoverpuerto.es\/fr\/wp-json\/wp\/v2\/place-categories?post=10937"},{"taxonomy":"place-amenities","embeddable":true,"href":"https:\/\/discoverpuerto.es\/fr\/wp-json\/wp\/v2\/place-amenities?post=10937"},{"taxonomy":"place-city","embeddable":true,"href":"https:\/\/discoverpuerto.es\/fr\/wp-json\/wp\/v2\/place-city?post=10937"},{"taxonomy":"place-neighborhood","embeddable":true,"href":"https:\/\/discoverpuerto.es\/fr\/wp-json\/wp\/v2\/place-neighborhood?post=10937"}],"curies":[{"name":"wp","href":"https:\/\/api.w.org\/{rel}","templated":true}]}}