{"id":10944,"date":"2026-03-10T11:22:12","date_gmt":"2026-03-10T11:22:12","guid":{"rendered":"https:\/\/discoverpuerto.es\/lugar\/tetir\/"},"modified":"2026-03-10T11:22:12","modified_gmt":"2026-03-10T11:22:12","slug":"tetir","status":"publish","type":"place","link":"https:\/\/discoverpuerto.es\/de\/lugar\/tetir\/","title":{"rendered":"Tetir"},"content":{"rendered":"<p><strong>TETIR: GESCHICHTE, TRADITION UND ERINNERUNG IM HERZEN VON FUERTEVENTURA<\/strong><\/p>\n<p>Tetir, im Herzen von Fuerteventura, ist viel mehr als nur ein Dorf; es ist ein stiller Zeuge der Entwicklung der Insel. Seine Geschichte reicht zur\u00fcck bis in die Zeit der Mahos, der urspr\u00fcnglichen Siedler, deren Erbe im Namen des Ortes weiterlebt, einem Toponym mit m\u00f6glicherweise vorspanischen Wurzeln, dessen genaue Bedeutung noch erforscht wird. Der urbane Kern, den wir heute kennen, begann jedoch im 18. Jahrhundert Gestalt anzunehmen und wuchs um die fruchtbare Ebene, die ihn umgibt.  <\/p>\n<p>Seit Generationen verl\u00e4uft das Leben auf Tetir im Rhythmus der Landwirtschaft. Der clevere Bau von <strong>Gavias<\/strong>, einem System zum Auffangen von Regenwasser, ver\u00e4nderte die Landschaft und verwandelte sie in eine Kornkammer f\u00fcr das n\u00f6rdliche Zentrum der Insel. Dieser Einfallsreichtum bei der Nutzung einer knappen Ressource ist ein Beweis f\u00fcr die Anpassung des Menschen an eine trockene Umgebung.  <\/p>\n<p>Die Bedeutung des Dorfes wuchs so sehr, dass es <strong>1812<\/strong> zu einer unabh\u00e4ngigen Gemeinde wurde, die ein riesiges Gebiet verwaltete, zu dem auch der damals kleine <strong>Puerto de Cabras<\/strong> (heute Puerto del Rosario) sowie andere D\u00f6rfer wie <strong>La Matilla, El Time und Guisguey<\/strong> geh\u00f6rten. Diese administrative Bedeutung ging einher mit der Rolle als spirituelles Zentrum. <\/p>\n<p>Das Herzst\u00fcck von Tetir ist zweifelsohne die <strong>Kirche Santo Domingo de Guzm\u00e1n<\/strong>. Obwohl mit dem Bau um <strong>1750<\/strong> begonnen wurde und sie <strong>1777<\/strong> zur Pfarrkirche wurde, dauerte ihr Bau bis zum Ende des 19. Jahrhunderts und spiegelt das langsame, aber stetige Wachstum der Gemeinde wider. Ihr Bild mit dem <strong>freistehenden Glockenturm oder Glockenturm<\/strong>, der <strong>1880<\/strong> hinzugef\u00fcgt wurde, ist ein Wahrzeichen der Gemeinde und ist auch als <strong>Kulturgut<\/strong> anerkannt.  <\/p>\n<p>Nicht weit entfernt, im <strong>Sargenta-Tal<\/strong>, befindet sich die kleine <strong>Einsiedelei von San Andr\u00e9s<\/strong>. Dieser Ort ist das Epizentrum einer der am tiefsten verwurzelten Traditionen: Jedes Jahr am <strong>30. November<\/strong> nehmen die Einheimischen an einer Pilgerfahrt zu Ehren von San Andr\u00e9s teil, einer Feier, bei der sich Glaube und uralte Rituale vermischen, um um Regen zu bitten und so die Gegenwart mit den uralten Ritualen der Majoreros zu verbinden. <\/p>\n<p>Der administrative Niedergang von Tetir begann mit dem Aufstieg von <strong>Puerto Cabras<\/strong>. Im Jahr <strong>1835<\/strong> wurde der Hafen abgetrennt, um eine eigene Gemeinde zu bilden, ein Prozess, der <strong>1925<\/strong> seinen H\u00f6hepunkt fand, als Tetir seine Autonomie verlor und endg\u00fcltig in die Gemeinde <strong>Puerto del Rosario<\/strong> integriert wurde <strong>.<\/strong> Trotzdem gelang es dem Dorf, seine Identit\u00e4t zu bewahren.  <\/p>\n<p>Heute ist diese Identit\u00e4t dank der kulturellen Struktur, die von der <strong>Agrupaci\u00f3n Folcl\u00f3rica de Tetir<\/strong> angef\u00fchrt wird, sehr lebendig. Diese Gruppe wurde in den fr\u00fchen siebziger Jahren gegr\u00fcndet und hat sich zur wichtigsten Bastion der Traditionen der Insel entwickelt. Seit mehr als f\u00fcnf Jahrzehnten erforschen und verbreiten sie die Musik, die T\u00e4nze, die Trachten und die Volksbr\u00e4uche und treten \u00fcberall auf den Inseln und au\u00dferhalb des Archipels auf. Sie sind die Architekten des angesehenen <strong>Encuentro de Solistas<\/strong> und der bereits erw\u00e4hnten <strong>Romer\u00eda de San Andr\u00e9s<\/strong>, Veranstaltungen, die die Menschen zusammenbringen und Besucher anziehen.   <\/p>\n<p>Der <strong>Diccionario geogr\u00e1fico-estad\u00edstico de Espa\u00f1a y sus posesiones de Ultramar<\/strong> von <strong>Pascual Madoz<\/strong> definiert <strong>La Vega de Tetir<\/strong> Ende des 19. Jahrhunderts als eine Gemeinde auf der Insel Fuerteventura mit drei sehr fruchtbaren T\u00e4lern, die von vier sierras oder cuchillos, wie die Einheimischen sie nennen, gebildet werden, weshalb sie schlecht bel\u00fcftet ist, was ihr Klima ungesund macht. Die landwirtschaftlichen Produkte sind Weizen, Gerste, Gerstengras, Hirse, Kartoffeln, Kichererbsen, H\u00fclsenfr\u00fcchte und Gem\u00fcse; es werden sehr gute Weinberge, Feigen-, Birnen-, Pfirsich-, Mandel- und Granatapfelb\u00e4ume angebaut, wobei die Kaktusfeigen am h\u00e4ufigsten vorkommen. Die nat\u00fcrlichen Produkte sind Kermeseiche und Weidegras, mit dem Schafe, Ziegen, Kamele, Rinder, Pferde und Esel gez\u00fcchtet und gehalten werden.  <\/p>\n<p><strong>DIE EINSIEDELEI VON SAN ANDR\u00c9S, LEBENDIGES KULTURERBE VON TETIR<\/strong><\/p>\n<p>Die <strong>Einsiedelei San Andr\u00e9s<\/strong> im <strong>Sargenta-Tal<\/strong> in Tetir ist ein Symbol f\u00fcr die landwirtschaftliche Tradition Fuerteventuras. Ihre Geschichte gliedert sich in zwei Etappen: ein urspr\u00fcnglicher Tempel aus dem <strong>17. Jahrhundert<\/strong> und das heutige Geb\u00e4ude, das Ende des 20. Jahrhunderts gestiftet wurde. <\/p>\n<p><strong>Ursprung und Muster der Niederschl\u00e4ge<\/strong><\/p>\n<p>Der erste Tempel wurde von den Siedlern von Tetir zwischen <strong>1650 und 1652<\/strong> erbaut. Ihr Ursprung geht auf das <strong>Jahr 1609<\/strong> zur\u00fcck, als der Inselrat <strong>San Andr\u00e9s<\/strong> per Losentscheid zum Schutzpatron der Bauern und zum F\u00fcrsprecher des Regens ernannte. Diese urspr\u00fcngliche Einsiedelei bestand bis Mitte des 18. Jahrhunderts, als sie zusammenbrach.  <\/p>\n<p><strong>Aktuelle Kapelle<\/strong><\/p>\n<p>Das moderne Geb\u00e4ude wurde am <strong>30. November 1989<\/strong> von <strong>Juan Berriel Jord\u00e1n<\/strong> der Pfarrei <strong>Santo Domingo de Guzm\u00e1n<\/strong> gestiftet, woran eine Tafel an der Fassade erinnert.<\/p>\n<p><strong>Traditionen und Rituale<\/strong><\/p>\n<p>Jeden <strong>30. November<\/strong> versammeln sich Hunderte von Menschen in der <strong>Vega de Tetir<\/strong>. Es findet eine Prozession statt, bei der der Heilige gebeten wird, f\u00fcr Regen auf den Feldern zu sorgen. Es gibt ein bekanntes Sprichwort, das dieses Bed\u00fcrfnis widerspiegelt:  <\/p>\n<p><strong>&#8222;Wenn es in Santa Catalina (25. November) oder San Andr\u00e9s (30. November) nicht regnet, ist es schlecht<\/strong>&#8222;.<\/p>\n<p><strong>Historische Rituale<\/strong><\/p>\n<p>In der Vergangenheit f\u00fchrten die Bauern in Zeiten der D\u00fcrre ein einzigartiges Ritual durch: Sie trugen das Bild des Heiligen und &#8222;richteten&#8220; es, indem sie drohten, es einen Berg hinunterzuwerfen (&#8222;enriscarlo&#8220;), wenn es nicht den ersehnten Regen schickt.<\/p>\n<p><strong>Schirmherrschaft der \u00f6rtlichen Polizei<\/strong><\/p>\n<p>Seit <strong>1985<\/strong> ist <strong>San Andr\u00e9s<\/strong> auch der Schutzpatron der <strong>\u00f6rtlichen Polizei von Fuerteventura<\/strong>. Die Feierlichkeiten umfassen Amtshandlungen und Ehrungen f\u00fcr die Beamten. <\/p>\n<p><strong>DIE KIRCHE VON SANTO DOMINGO DE GUZM\u00c1N, EINE HISTORISCHE GEMEINDEKIRCHE<\/strong><\/p>\n<p>Die <strong>Kirche Santo Domingo de Guzm\u00e1n<\/strong> ist das wichtigste katholische Gotteshaus in Tetir, dessen Bau dem Bed\u00fcrfnis nach einem gr\u00f6\u00dferen Gotteshaus als die kleine Einsiedelei San Andr\u00e9s entsprach. Ihre Urspr\u00fcnge gehen auf das <strong>Jahr 1745<\/strong> zur\u00fcck, als die Einheimischen ihre Stiftung unterzeichneten. Die Arbeiten begannen um <strong>1750<\/strong> und wurden Ende des <strong>19.Jahrhunderts<\/strong> abgeschlossen <strong>.<\/strong> <\/p>\n<p>Im Jahr <strong>1777<\/strong> gew\u00e4hrte das Domkapitel ihr den Status einer Pfarrei, was zur Gr\u00fcndung von drei Bruderschaften f\u00fchrte: der Bruderschaft vom <strong>Allerheiligsten Sakrament<\/strong>, der  <strong>Bruderschaft Unserer Lieben Frau vom Rosenkranz <\/strong>  und die von Las <strong>Benditas \u00c1nimas<\/strong>. Seine Gerichtsbarkeit erstreckte sich auf die L\u00e4ndereien von <strong>Guisguey, El Time, La Matilla<\/strong> und sp\u00e4ter auf <strong>La Asomada, Los Estancos und Puerto Cabras<\/strong>. <\/p>\n<p><strong>Architektonische Beschreibung<\/strong><\/p>\n<p>Das Geb\u00e4ude besteht aus einem einzigen Schiff mit einem dreifach geneigten Ziegeldach und einem erh\u00f6hten, vierfach geneigten Altarraum. Es hat zwei Eing\u00e4nge: einen Rundbogen in der Seitenwand und ein Hauptportal mit einem Glockenturm aus dem Jahr <strong>1880<\/strong>. <\/p>\n<p>Der Innenraum ist mit einem Holzrahmen verkleidet, der mit lackierten Streben verziert ist, und beherbergt den Chor am Fu\u00dfende und eine polychrome Kanzel mit eucharistischen Motiven. Das Hauptaltarbild im barocken Stil aus der Mitte des 18. Jahrhunderts hat Nischen, die durch Stipes und salomonische S\u00e4ulen voneinander getrennt sind. <\/p>\n<p><strong>K\u00fcnstlerisches Erbe<\/strong><\/p>\n<p>Die Kirche bewahrt eine wertvolle Sammlung von Skulpturen und Gem\u00e4lden aus dem <strong>18. und 19. Jahrhundert<\/strong>:<\/p>\n<p>&#8211; <strong>San Juan Bautista<\/strong><br \/>\n&#8211;  <strong>Unsere Liebe Frau der Schmerzen <\/strong><br \/>\n&#8211; <strong>Der Heilige Andreas<\/strong><br \/>\n&#8211; <strong>Der Heilige Antonius mit Kind<\/strong><br \/>\n&#8211; <strong>Der Heilige Josef mit Kind<\/strong><br \/>\n&#8211; <strong>Die Unbefleckte Empf\u00e4ngnis<\/strong><br \/>\n&#8211; <strong>Christus am Kreuz<\/strong> (18. Jahrhundert)<br \/>\n&#8211;  <strong>Unsere Liebe Frau vom Rosenkranz <\/strong><br \/>\n&#8211; <strong>Heilige Katharina<\/strong> (als Dominikanerin gekleidet)<br \/>\n&#8211; <strong>Heiliger Dominikus<\/strong> (tr\u00e4gt das Modell der Kirche)<\/p>\n","protected":false},"excerpt":{"rendered":"<p>TETIR: GESCHICHTE, TRADITION UND ERINNERUNG IM HERZEN VON FUERTEVENTURA Tetir, im Herzen von Fuerteventura, ist viel mehr als nur ein Dorf; es ist ein stiller Zeuge der Entwicklung der Insel. Seine Geschichte reicht zur\u00fcck bis in die Zeit der Mahos, der urspr\u00fcnglichen Siedler, deren Erbe im Namen des Ortes weiterlebt, einem Toponym mit m\u00f6glicherweise vorspanischen [&hellip;]<\/p>\n","protected":false},"author":1,"featured_media":10121,"menu_order":0,"comment_status":"open","ping_status":"closed","template":"","place-type":[306,289,320,298],"place-categories":[322,313,287],"place-amenities":[],"place-city":[],"place-neighborhood":[],"class_list":["post-10944","place","type-place","status-publish","has-post-thumbnail","hentry","place-type-abenteuer","place-type-kultur","place-type-museum","place-type-tempel","place-categories-gastronomie","place-categories-kultur","place-categories-sehen-und-tun"],"featured_media_url":"https:\/\/discoverpuerto.es\/wp-content\/uploads\/2026\/01\/IGLESIA-DE-GUZMAN-TETIR-copia.jpg","golo-place_price_short":"","golo-place_price_unit":"m","golo-place_price_range":"0","golo-place_booking_type":"","golo-place_booking":"","golo-place_booking_site":"","golo-place_booking_2":"","golo-place_booking_site_2":"","golo-place_booking_banner":{"id":"0","url":""},"golo-place_booking_banner_url":"","golo-place_booking_form":"9946","golo-booking_form_title":"","golo-booking_form_description":"","golo-booking_form_image":{"id":"0","url":""},"golo-place_phone":"","golo-place_phone2":"","golo-place_email":"","golo-place_website":"","golo-place_identity":"10943","golo-google_review_placeid":"","golo-place_facebook":"","golo-place_instagram":"","golo-place_twitter":"","golo-additional_detail":"1","golo-additional_detail_icon":[""],"golo-additional_detail_name":[""],"golo-additional_detail_url":[""],"golo-opening_monday":"Lunes","golo-opening_monday_time":"","golo-monday_allday":"0","golo-opening_tuesday":"Martes","golo-opening_tuesday_time":"","golo-tuesday_allday":"0","golo-opening_wednesday":"Mi\u00e9rcoles","golo-opening_wednesday_time":"","golo-wednesday_allday":"0","golo-opening_thursday":"Jueves","golo-opening_thursday_time":"","golo-thursday_allday":"0","golo-opening_friday":"Viernes","golo-opening_friday_time":"","golo-friday_allday":"0","golo-opening_saturday":"S\u00e1bado","golo-opening_saturday_time":"","golo-saturday_allday":"0","golo-opening_sunday":"Domingo","golo-opening_sunday_time":"","golo-sunday_allday":"0","golo-yelp_review":"1","golo-yelp_review_title":[""],"golo-yelp_review_type":[""],"golo-place_views_count":"76","golo-menu_enable":"0","golo-menu_types":"1","golo-menu_types_name":[""],"golo-menu_tab":[{"golo-menu_title":"","golo-menu_price":"","golo-menu_description":"","golo-menu_image":{"id":"0","url":""},"golo-menu_item_type":""}],"golo-place_address":"35613 Tetir, Las Palmas, Espa\u00f1a","golo-place_zip":"","golo-place_timezone":"UTC+0","golo-place_location":{"location":"28.531814,-13.9336138","address":"35613 Tetir, Las Palmas, Espa\u00f1a"},"golo-place_featured":"0","golo-place_logged":"0","golo-place_images":["https:\/\/discoverpuerto.es\/wp-content\/uploads\/2026\/01\/Tetir00005.jpg","https:\/\/discoverpuerto.es\/wp-content\/uploads\/2026\/01\/TERRERO-DE-LUCHA-DE-TETIR.png","https:\/\/discoverpuerto.es\/wp-content\/uploads\/2026\/01\/TERRERO-DE-LUCHA-DE-TETIR-2.png","https:\/\/discoverpuerto.es\/wp-content\/uploads\/2026\/01\/MERCADO-DE-TETIR.jpg","https:\/\/discoverpuerto.es\/wp-content\/uploads\/2026\/01\/MERCADO-DE-TETIR-7.jpg","https:\/\/discoverpuerto.es\/wp-content\/uploads\/2026\/01\/MERCADO-DE-TETIR-6.jpg","https:\/\/discoverpuerto.es\/wp-content\/uploads\/2026\/01\/MERCADO-DE-TETIR-2-scaled.jpg","https:\/\/discoverpuerto.es\/wp-content\/uploads\/2026\/01\/IGLESIA-DE-GUZMAN-TETIR-.jpg","https:\/\/discoverpuerto.es\/wp-content\/uploads\/2026\/01\/40-ermita-san-andres-tetir-fuerteventura-01-copia.jpg"],"golo-place_video_url":"","golo-place_video_image":"","golo-faqs_enable":"0","golo-faqs_tab":[{"golo-faqs_title":"","golo-faqs_description":""}],"golo-booking_item_name":"","golo-booking_item_id":"","golo-booking_item_author":"","golo-booking_adults":"","golo-booking_childrens":"","golo-booking_date":"","golo-booking_time":"","golo-place_coupon":"","golo-package_free":"","golo-package_price":"","golo-package_unlimited_time":"","golo-package_time_unit":"","golo-package_period":"","golo-package_unlimited_listing":"","golo-package_number_listings":"","golo-package_number_featured":"","golo-package_order_display":"","golo-package_featured":"","golo-package_visible":"","golo-package_extra_featured":"","golo-email_template_framework_type":"","golo-place_rating":"","golo-review_count":0,"_links":{"self":[{"href":"https:\/\/discoverpuerto.es\/de\/wp-json\/wp\/v2\/place\/10944","targetHints":{"allow":["GET"]}}],"collection":[{"href":"https:\/\/discoverpuerto.es\/de\/wp-json\/wp\/v2\/place"}],"about":[{"href":"https:\/\/discoverpuerto.es\/de\/wp-json\/wp\/v2\/types\/place"}],"author":[{"embeddable":true,"href":"https:\/\/discoverpuerto.es\/de\/wp-json\/wp\/v2\/users\/1"}],"replies":[{"embeddable":true,"href":"https:\/\/discoverpuerto.es\/de\/wp-json\/wp\/v2\/comments?post=10944"}],"version-history":[{"count":0,"href":"https:\/\/discoverpuerto.es\/de\/wp-json\/wp\/v2\/place\/10944\/revisions"}],"wp:featuredmedia":[{"embeddable":true,"href":"https:\/\/discoverpuerto.es\/de\/wp-json\/wp\/v2\/media\/10121"}],"wp:attachment":[{"href":"https:\/\/discoverpuerto.es\/de\/wp-json\/wp\/v2\/media?parent=10944"}],"wp:term":[{"taxonomy":"place-type","embeddable":true,"href":"https:\/\/discoverpuerto.es\/de\/wp-json\/wp\/v2\/place-type?post=10944"},{"taxonomy":"place-categories","embeddable":true,"href":"https:\/\/discoverpuerto.es\/de\/wp-json\/wp\/v2\/place-categories?post=10944"},{"taxonomy":"place-amenities","embeddable":true,"href":"https:\/\/discoverpuerto.es\/de\/wp-json\/wp\/v2\/place-amenities?post=10944"},{"taxonomy":"place-city","embeddable":true,"href":"https:\/\/discoverpuerto.es\/de\/wp-json\/wp\/v2\/place-city?post=10944"},{"taxonomy":"place-neighborhood","embeddable":true,"href":"https:\/\/discoverpuerto.es\/de\/wp-json\/wp\/v2\/place-neighborhood?post=10944"}],"curies":[{"name":"wp","href":"https:\/\/api.w.org\/{rel}","templated":true}]}}