{"id":10908,"date":"2026-03-09T16:07:35","date_gmt":"2026-03-09T16:07:35","guid":{"rendered":"https:\/\/discoverpuerto.es\/lugar\/die-zeit\/"},"modified":"2026-03-09T16:07:35","modified_gmt":"2026-03-09T16:07:35","slug":"die-zeit","status":"publish","type":"place","link":"https:\/\/discoverpuerto.es\/de\/lugar\/die-zeit\/","title":{"rendered":"Die Zeit"},"content":{"rendered":"<h1 data-section-id=\"1xd07v8\" data-start=\"305\" data-end=\"358\">El Time: lebendige Geschichte und eine Enklave zwischen Schluchten<\/h1>\n<p data-start=\"360\" data-end=\"808\">Das Dorf <strong data-start=\"373\" data-end=\"384\">El Time<\/strong> liegt in einer Landschaft mit verstreuten H\u00e4usern auf einer <strong data-start=\"436\" data-end=\"461\">H\u00f6he von<\/strong> fast <strong data-start=\"436\" data-end=\"461\">300 Metern<\/strong>, eingekeilt zwischen den Schluchten von <strong data-start=\"495\" data-end=\"522\">Herradura und Valhondo<\/strong>, in der Gemeinde Puerto del Rosario. Seine Lage ist kein Zufall: Die ersten Siedler suchten nach der normannischen Eroberung Zuflucht in den T\u00e4lern im Landesinneren, weit weg von der K\u00fcste, um sich vor den gef\u00fcrchteten Angriffen der Korsaren und Barbary-Piraten zu sch\u00fctzen, die die K\u00fcste heimsuchten. <\/p>\n<p data-start=\"810\" data-end=\"1110\">Der Name des Dorfes bewahrt die Erinnerung an diese ersten Bewohner, denn <strong data-start=\"889\" data-end=\"899\">&#8222;Time&#8220;<\/strong> ist die spanische Version des urspr\u00fcnglichen Wortes <em data-start=\"942\" data-end=\"948\">temi<\/em>, das in den Amazigh-Sprachen Nordafrikas vorkommt und <strong data-start=\"1018\" data-end=\"1063\">&#8222;hohe Klippe, Felsen, Ende oder Rand&#8220;<\/strong> bedeutet <strong data-start=\"1018\" data-end=\"1063\">,<\/strong> eine perfekte Beschreibung seiner Lage.<\/p>\n<h2 data-section-id=\"j3j750\" data-start=\"1117\" data-end=\"1154\">Entstehung und Konsolidierung des Dorfes<\/h2>\n<p data-start=\"1156\" data-end=\"1515\">Obwohl die wichtigsten Bev\u00f6lkerungszentren nach der Eroberung <strong data-start=\"1225\" data-end=\"1271\">Betancuria, Valle de Santa In\u00e9s und La Oliva<\/strong> waren, entstanden um sie herum kleine Weiler, die durch das fruchtbarste Land gesch\u00fctzt waren. Dies ist der Fall von <strong data-start=\"1386\" data-end=\"1397\">El Time<\/strong>, dessen dauerhafte Siedlung, die mit der Gemeinde <strong data-start=\"1455\" data-end=\"1464\">Tetir<\/strong> verbunden ist, in den fr\u00fchen Jahren des 17. <\/p>\n<p data-start=\"1517\" data-end=\"1851\">Das erste Mal taucht er in den Vertr\u00e4gen des Cabildo im <strong data-start=\"1578\" data-end=\"1586\">Jahr 1620<\/strong> unter dem Namen <strong data-start=\"1604\" data-end=\"1616\">&#8222;Letime&#8220; auf,<\/strong> als die Nachbarn aufgefordert werden, das Vieh von den Wiesen zu entfernen, um die Ernten zu sch\u00fctzen. In sp\u00e4teren Dokumenten aus dem <strong data-start=\"1739\" data-end=\"1747\">Jahr 1654<\/strong> wird es bereits unter seinem heutigen Namen erw\u00e4hnt, als die Bewohner aufgefordert werden, die <strong data-start=\"1826\" data-end=\"1850\">Fuente de R\u00edo Cabras<\/strong> zu reinigen. <\/p>\n<h2 data-section-id=\"12umj6a\" data-start=\"1858\" data-end=\"1903\">Traditionelle Wirtschaft und soziale Organisation<\/h2>\n<p data-start=\"1905\" data-end=\"2227\">Das Leben in <strong data-start=\"1916\" data-end=\"1927\">El Time<\/strong> ist seit jeher mit der Nutzung der Ressourcen des Landes verbunden. Die Einwohner widmeten sich der <strong data-start=\"2037\" data-end=\"2058\">Ziegenzucht<\/strong>, dem Sammeln von <strong data-start=\"2080\" data-end=\"2103\">Barrilla und Orchilla<\/strong> f\u00fcr die Vermarktung und dem <strong data-start=\"2137\" data-end=\"2162\">Trockenanbau<\/strong>, der die Produktion von <strong data-start=\"2197\" data-end=\"2226\">getrockneten Feigen in diesem Ort<\/strong> ber\u00fchmt machte. <\/p>\n<p data-start=\"2229\" data-end=\"2522\">Im <strong data-start=\"2240\" data-end=\"2255\">18. Jahrhundert<\/strong> hatte der Weiler etwa <strong data-start=\"2287\" data-end=\"2304\">40 Einwohner<\/strong> und eine gewisse administrative Bedeutung, da einige seiner Nachbarn zu <strong data-start=\"2384\" data-end=\"2418\">Verwaltern der &#8222;p\u00f3sitos&#8220;<\/strong> (Getreidelager, die an Bauern verliehen wurden) ernannt wurden, eine Vertrauensstellung, die j\u00e4hrlich erneuert wurde.<\/p>\n<p data-start=\"2524\" data-end=\"2703\">Bis <strong data-start=\"2575\" data-end=\"2583\">1925<\/strong> geh\u00f6rte der Ort zur Gemeinde <strong data-start=\"2559\" data-end=\"2568\">Tetir<\/strong>. Dann wurde er Teil der k\u00fcrzlich erweiterten Gemeinde <strong data-start=\"2654\" data-end=\"2671\">Puerto Cabras<\/strong>, dem heutigen <strong data-start=\"2680\" data-end=\"2702\">Puerto del Rosario.<\/strong><\/p>\n<h2 data-section-id=\"1ag4jd5\" data-start=\"2710\" data-end=\"2844\">Beschreibung von El Time gem\u00e4\u00df dem <em data-start=\"2745\" data-end=\"2820\">Diccionario geogr\u00e1fico-estad\u00edstico de Espa\u00f1a y sus posesiones de Ultramar<\/em> von Pascual Madoz (1849)<\/h2>\n<p data-start=\"2846\" data-end=\"3000\">Dies ist ein Teil der Gemeinde und des Kirchspiels <strong data-start=\"2895\" data-end=\"2904\">Tetir<\/strong> auf der Insel <strong data-start=\"2920\" data-end=\"2937\">Fuerteventura<\/strong>, in der Provinz der Kanarischen Inseln, im Gerichtsbezirk von <strong data-start=\"2988\" data-end=\"2999\">Teguise<\/strong>.<\/p>\n<p data-start=\"3002\" data-end=\"3289\">Sie befindet sich auf einem flachen, kalkhaltigen Boden, auf dem in regenreichen Jahren eine ordentliche Menge <strong data-start=\"3088\" data-end=\"3116\">Weizen, Gerste und Barrilla<\/strong> angebaut wird, in Jahren mit Wassermangel jedoch nicht. Es w\u00e4chst etwas <strong data-start=\"3196\" data-end=\"3210\">Cochenille<\/strong>, allerdings viel weniger als m\u00f6glich, da der Boden f\u00fcr den <strong data-start=\"3277\" data-end=\"3288\">Feigenkaktus<\/strong> geeignet ist. <\/p>\n<p data-start=\"3291\" data-end=\"3667\">In dieser Pago, wie in fast allen anderen auf der Insel, w\u00e4ren die Ernten gesichert, wenn das Regenwasser durch Einebnung des Landes und \u00dcberflutung aufgefangen w\u00fcrde. Einige B\u00e4ume werden kultiviert, aber sie gedeihen nicht, entweder weil die Einheimischen sich der Arbeit nicht widmen, oder weil sie von den Eigent\u00fcmern nicht ausreichend gesch\u00fctzt werden, oder weil das Vieh alles abholzt und zerst\u00f6rt. <\/p>\n<p data-start=\"3669\" data-end=\"3897\">Es gibt eine <strong data-start=\"3679\" data-end=\"3731\">Einsiedelei, die Nuestra Se\u00f1ora de las Mercedes geweiht ist<\/strong> und in der an jedem Feiertag eine Messe abgehalten wird, die von den Dorfbewohnern bezahlt wird. Industrie: einige Leinen- und Wollwebereien, deren W\u00e4sche und Kleidung von den Einwohnern f\u00fcr den Eigenbedarf getragen wird. <\/p>\n<h2 data-section-id=\"xnhdsa\" data-start=\"3904\" data-end=\"3947\">Die Einsiedelei Unserer Lieben Frau von La Merced<\/h2>\n<p data-start=\"3949\" data-end=\"4336\">In Anbetracht des Altertums seiner Siedlung bewahrt <strong data-start=\"3987\" data-end=\"3998\">El Time<\/strong> ein beachtliches Erbe. Neben einigen stattlichen H\u00e4usern von gro\u00dfem Wert ist das Herzst\u00fcck des Dorfes die <strong data-start=\"4112\" data-end=\"4153\">Einsiedelei Nuestra Se\u00f1ora de la Merced<\/strong>, die im <strong data-start=\"4176\" data-end=\"4190\">17. Jahrhundert<\/strong> durch eine Stiftung des Nachbarn <strong data-start=\"4215\" data-end=\"4240\">Manuel de la Trinidad<\/strong> erbaut wurde, der <strong data-start=\"4269\" data-end=\"4277\">1670<\/strong> eine Lizenz beantragte. Bis <strong data-start=\"4284\" data-end=\"4292\">1674<\/strong> war sie fertiggestellt und f\u00fcr den Gottesdienst ausgestattet.  <\/p>\n<p data-start=\"4338\" data-end=\"4641\">Diese Einsiedelei ist eine der <strong data-start=\"4364\" data-end=\"4389\">drei auf Fuerteventura<\/strong>, die, ohne eine Pfarrkirche zu sein, \u00fcber eine <strong data-start=\"4424\" data-end=\"4470\">gr\u00f6\u00dfere Kapelle als das Kirchenschiff<\/strong> verf\u00fcgt. Der <strong data-start=\"4475\" data-end=\"4504\">Glockenturm aus rotem Stein<\/strong> tr\u00e4gt die Inschrift <strong data-start=\"4528\" data-end=\"4542\">&#8222;Jahr 1909&#8220;,<\/strong> wahrscheinlich wurde damals die Glocke installiert, die von einheimischen R\u00fcckkehrern aus <strong data-start=\"4599\" data-end=\"4607\">Kuba<\/strong> mitgebracht wurde. <\/p>\n<p data-start=\"4643\" data-end=\"4867\">Das heutige Bildnis der Jungfrau ist nicht das Original, sondern wurde zwischen <strong data-start=\"4717\" data-end=\"4732\">1724 und 1741<\/strong> erworben. Die Verehrung der Jungfrau, die mit der <strong data-start=\"4764\" data-end=\"4789\">Erl\u00f6sung von Gefangenen<\/strong> in Verbindung gebracht wurde, war auf einer Insel, die so h\u00e4ufig von Piraten angegriffen wurde, von besonderer Bedeutung.<\/p>\n<p data-start=\"4869\" data-end=\"5031\">Im Jahr <strong data-start=\"4872\" data-end=\"4880\">1758<\/strong> wurde die <strong data-start=\"4893\" data-end=\"4918\">Bruderschaft von La Merced<\/strong> gegr\u00fcndet, die jeden <strong data-start=\"4964\" data-end=\"4989\">24. und 25. September<\/strong> zwei aufeinanderfolgende Feste feierte, eine Tradition, die bis ins 20. Jahrhundert andauerte.<\/p>\n<h2 data-section-id=\"1kxidio\" data-start=\"5038\" data-end=\"5075\">Das Verm\u00e4chtnis von Felipe Ruiz: Felipito<\/h2>\n<p data-start=\"5077\" data-end=\"5336\">Eines der eindrucksvollsten Zeugnisse des Kampfes der Majoreros um die Vorherrschaft in diesem Gebiet finden Sie in <strong data-start=\"5189\" data-end=\"5211\">Llano del Triguero<\/strong>, ganz in der N\u00e4he des Dorfes El Time. Dort befindet sich das ehemalige Anwesen von <strong data-start=\"5292\" data-end=\"5307\">Felipe Ruiz<\/strong>, bekannt als <strong data-start=\"5323\" data-end=\"5335\">Felipito<\/strong>. <\/p>\n<p data-start=\"5338\" data-end=\"5818\">Dieser Bauer hat seine ganze Kraft darauf verwendet, eine komplexe <strong data-start=\"5425\" data-end=\"5440\">Trockensteininfrastruktur<\/strong> zu errichten, um mit dem Kalksteinboden und den vorherrschenden Winden fertig zu werden. Er war davon besessen, die sp\u00e4rlichen Niederschl\u00e4ge optimal zu nutzen, und baute <strong data-start=\"5580\" data-end=\"5604\">dicke<\/strong>, teilweise mehr als <strong data-start=\"5624\" data-end=\"5649\">drei Meter hohe<\/strong> <strong data-start=\"5580\" data-end=\"5604\">Mauern<\/strong>, Kalksteinmauern, um sich vor dem Wind zu sch\u00fctzen, und ein ausgekl\u00fcgeltes System von <strong data-start=\"5730\" data-end=\"5758\">Windungen, Abfl\u00fcssen und Rohren<\/strong>, um das abflie\u00dfende Wasser in seine <strong data-start=\"5807\" data-end=\"5817\">Gullys<\/strong> zu leiten. <\/p>\n<p data-start=\"5820\" data-end=\"6052\">Heute sind das Haus &#8211; ein bescheidener Steinbau mit <strong data-start=\"5875\" data-end=\"5909\">drei Zimmern und einem Nebengeb\u00e4ude &#8211;<\/strong>und das gesamte Anwesen vom <strong data-start=\"5955\" data-end=\"5983\">Cabildo von Fuerteventura<\/strong> restauriert worden und werden im <strong data-start=\"6011\" data-end=\"6030\">Oktober 2021<\/strong> als Erholungsgebiet wiederer\u00f6ffnet.<\/p>\n<p data-start=\"6054\" data-end=\"6351\">Auf dem Gel\u00e4nde mit <strong data-start=\"6081\" data-end=\"6157\">Grillpl\u00e4tzen, \u00fcberdachten Picknickpl\u00e4tzen, einem Kinderspielplatz und Kanarienvogelpl\u00e4tzen<\/strong> k\u00f6nnen Besucher zwischen den Mauern und Soccos von Felipito spazieren gehen, das b\u00e4uerliche Leben nachvollziehen und den Einfallsreichtum eines Mannes bewundern, der Stein zu seinem gr\u00f6\u00dften Verb\u00fcndeten machte.<\/p>\n<h2 data-section-id=\"gl21ey\" data-start=\"6358\" data-end=\"6391\">Aktuelle Ereignisse und kultureller Wert<\/h2>\n<p data-start=\"6393\" data-end=\"6550\">Im Laufe der Jahre haben die geringe Rentabilit\u00e4t der traditionellen Anbauprodukte und der Aufstieg der Tourismusindustrie dazu gef\u00fchrt, dass viele landwirtschaftliche Fl\u00e4chen aufgegeben wurden.<\/p>\n<p data-start=\"6552\" data-end=\"6906\"><strong data-start=\"6565\" data-end=\"6620\">El Time hat sich<\/strong> jedoch <strong data-start=\"6565\" data-end=\"6620\">seine Essenz und seinen landschaftlichen Wert bewahrt<\/strong>, wo die Natur und das Wirken des Menschen eine landwirtschaftliche Umgebung von gro\u00dfer Sch\u00f6nheit geschaffen haben. Heute k\u00f6nnen Besucher dieses Tal an Orten wie dem <strong data-start=\"6739\" data-end=\"6770\">Erholungsgebiet Felipito<\/strong> genie\u00dfen, w\u00e4hrend die <strong data-start=\"6821\" data-end=\"6831\">Einsiedelei<\/strong> und die alten H\u00e4user stille Zeugen der Geschichte Mallorcas bleiben. <\/p>\n<p data-start=\"6908\" data-end=\"7028\">Eine Landschaft, die daran erinnert, wie sich das Leben im Inneren der Insel entwickelte, gesch\u00fctzt <strong data-start=\"6981\" data-end=\"7027\">vor den Klippen und der Angst vor dem Meer.<\/strong><\/p>\n","protected":false},"excerpt":{"rendered":"<p>El Time: lebendige Geschichte und eine Enklave zwischen Schluchten Das Dorf El Time liegt in einer Landschaft mit verstreuten H\u00e4usern auf einer H\u00f6he von fast 300 Metern, eingekeilt zwischen den Schluchten von Herradura und Valhondo, in der Gemeinde Puerto del Rosario. Seine Lage ist kein Zufall: Die ersten Siedler suchten nach der normannischen Eroberung Zuflucht [&hellip;]<\/p>\n","protected":false},"author":1,"featured_media":9561,"menu_order":0,"comment_status":"open","ping_status":"closed","template":"","place-type":[306,291,290],"place-categories":[287],"place-amenities":[],"place-city":[342],"place-neighborhood":[],"class_list":["post-10908","place","type-place","status-publish","has-post-thumbnail","hentry","place-type-abenteuer","place-type-ansichtspunkt","place-type-landlicher-tourismus","place-categories-sehen-und-tun","place-city-die-zeit"],"featured_media_url":"https:\/\/discoverpuerto.es\/wp-content\/uploads\/2025\/01\/TAGORO-EL-TIME-2-hd.jpeg","golo-place_price_short":"","golo-place_price_unit":"m","golo-place_price_range":"0","golo-place_booking_type":"","golo-place_booking":"","golo-place_booking_site":"","golo-place_booking_2":"","golo-place_booking_site_2":"","golo-place_booking_banner":{"id":"0","url":""},"golo-place_booking_banner_url":"","golo-place_booking_form":"9946","golo-booking_form_title":"","golo-booking_form_description":"","golo-booking_form_image":{"id":"0","url":""},"golo-place_phone":"","golo-place_phone2":"","golo-place_email":"","golo-place_website":"","golo-place_identity":"10906","golo-google_review_placeid":"","golo-place_facebook":"","golo-place_instagram":"","golo-place_twitter":"","golo-additional_detail":"1","golo-additional_detail_icon":[""],"golo-additional_detail_name":[""],"golo-additional_detail_url":[""],"golo-opening_monday":"Lunes","golo-opening_monday_time":"","golo-monday_allday":"0","golo-opening_tuesday":"Martes","golo-opening_tuesday_time":"","golo-tuesday_allday":"0","golo-opening_wednesday":"Mi\u00e9rcoles","golo-opening_wednesday_time":"","golo-wednesday_allday":"0","golo-opening_thursday":"Jueves","golo-opening_thursday_time":"","golo-thursday_allday":"0","golo-opening_friday":"Viernes","golo-opening_friday_time":"","golo-friday_allday":"0","golo-opening_saturday":"S\u00e1bado","golo-opening_saturday_time":"","golo-saturday_allday":"0","golo-opening_sunday":"Domingo","golo-opening_sunday_time":"","golo-sunday_allday":"0","golo-yelp_review":"1","golo-yelp_review_title":[""],"golo-yelp_review_type":[""],"golo-place_views_count":"68","golo-menu_enable":"0","golo-menu_types":"1","golo-menu_types_name":[""],"golo-menu_tab":[{"golo-menu_title":"","golo-menu_price":"","golo-menu_description":"","golo-menu_image":{"id":"0","url":""},"golo-menu_item_type":""}],"golo-place_address":"35613 El Time, Las Palmas, Espa\u00f1a","golo-place_zip":"","golo-place_timezone":"UTC+0","golo-place_location":{"location":"28.5536998,-13.8984492","address":"35613 El Time, Las Palmas, Espa\u00f1a"},"golo-place_featured":"0","golo-place_logged":"0","golo-place_images":["https:\/\/discoverpuerto.es\/wp-content\/uploads\/2025\/01\/NUESTRA-SENORA-DE-LA-MERCED-EL-TIME-hd.jpeg","https:\/\/discoverpuerto.es\/wp-content\/uploads\/2025\/01\/TAGORO-EL-TIME-2-hd.jpeg"],"golo-place_video_url":"","golo-place_video_image":"","golo-faqs_enable":"0","golo-faqs_tab":[{"golo-faqs_title":"","golo-faqs_description":""}],"golo-booking_item_name":"","golo-booking_item_id":"","golo-booking_item_author":"","golo-booking_adults":"","golo-booking_childrens":"","golo-booking_date":"","golo-booking_time":"","golo-place_coupon":"","golo-package_free":"","golo-package_price":"","golo-package_unlimited_time":"","golo-package_time_unit":"","golo-package_period":"","golo-package_unlimited_listing":"","golo-package_number_listings":"","golo-package_number_featured":"","golo-package_order_display":"","golo-package_featured":"","golo-package_visible":"","golo-package_extra_featured":"","golo-email_template_framework_type":"","golo-place_rating":"","golo-review_count":0,"_links":{"self":[{"href":"https:\/\/discoverpuerto.es\/de\/wp-json\/wp\/v2\/place\/10908","targetHints":{"allow":["GET"]}}],"collection":[{"href":"https:\/\/discoverpuerto.es\/de\/wp-json\/wp\/v2\/place"}],"about":[{"href":"https:\/\/discoverpuerto.es\/de\/wp-json\/wp\/v2\/types\/place"}],"author":[{"embeddable":true,"href":"https:\/\/discoverpuerto.es\/de\/wp-json\/wp\/v2\/users\/1"}],"replies":[{"embeddable":true,"href":"https:\/\/discoverpuerto.es\/de\/wp-json\/wp\/v2\/comments?post=10908"}],"version-history":[{"count":0,"href":"https:\/\/discoverpuerto.es\/de\/wp-json\/wp\/v2\/place\/10908\/revisions"}],"wp:featuredmedia":[{"embeddable":true,"href":"https:\/\/discoverpuerto.es\/de\/wp-json\/wp\/v2\/media\/9561"}],"wp:attachment":[{"href":"https:\/\/discoverpuerto.es\/de\/wp-json\/wp\/v2\/media?parent=10908"}],"wp:term":[{"taxonomy":"place-type","embeddable":true,"href":"https:\/\/discoverpuerto.es\/de\/wp-json\/wp\/v2\/place-type?post=10908"},{"taxonomy":"place-categories","embeddable":true,"href":"https:\/\/discoverpuerto.es\/de\/wp-json\/wp\/v2\/place-categories?post=10908"},{"taxonomy":"place-amenities","embeddable":true,"href":"https:\/\/discoverpuerto.es\/de\/wp-json\/wp\/v2\/place-amenities?post=10908"},{"taxonomy":"place-city","embeddable":true,"href":"https:\/\/discoverpuerto.es\/de\/wp-json\/wp\/v2\/place-city?post=10908"},{"taxonomy":"place-neighborhood","embeddable":true,"href":"https:\/\/discoverpuerto.es\/de\/wp-json\/wp\/v2\/place-neighborhood?post=10908"}],"curies":[{"name":"wp","href":"https:\/\/api.w.org\/{rel}","templated":true}]}}